{"id":396,"date":"2024-03-27T08:14:53","date_gmt":"2024-03-27T07:14:53","guid":{"rendered":"https:\/\/asseda.ch\/?page_id=396"},"modified":"2024-03-27T08:14:53","modified_gmt":"2024-03-27T07:14:53","slug":"rapport-dactivite-2019-2020","status":"publish","type":"page","link":"https:\/\/asseda.ch\/?page_id=396","title":{"rendered":"Rapport d&#8217;activit\u00e9 2019-2020"},"content":{"rendered":"<p><strong>Refuge Juan XXIII, Colombie<\/strong><\/p>\n<p>J. et S. se sont rendues sur place en d\u00e9cembre 2019 et donnent les derni\u00e8res nouvelles : V. et son \u00e9pouse viennent de renouveler leur visa pour une dur\u00e9e de 3 ans et vont dont encore y rester pour superviser le refuge. Les enfants et les \u00e9ducateurs sont actuellement confin\u00e9s au refuge, mais vivent bien la situation avec des mesures d\u2019hygi\u00e8ne augment\u00e9es. Le refuge continue \u00e9galement de pr\u00e9parer les repas pour les enfants externes et les leur apporte quotidiennement \u00e0 un point de collecte en ville. Lors de leur visite, J. et S. ont constat\u00e9 le travail vital que V. et son \u00e9pouse H. ont fait et font pour les enfants. Ces gosses sont dans un \u00e9tat psychologique \u00e0 fleur de peau et sont extr\u00eamement bien encadr\u00e9s, mais sans ces efforts ce serait une poudri\u00e8re pr\u00eate \u00e0 exploser ! Pour le surplus nous vous invitons \u00e0 visiter le site internet mis en place par V. : www.solectitos.ch.<\/p>\n<p><strong> Scolarisation d\u2019enfants au village des polios \u00e0 Makeni, Sierra Leone<\/strong><\/p>\n<p>La situation en Sierra Leone est encore plus catastrophique que l\u2019ann\u00e9e pr\u00e9c\u00e9dente. Il n\u2019y a plus de travail et les enfants sont dramatiquement mal nourris. Le village \u00ab polio \u00bb n\u2019est pas plus \u00e9pargn\u00e9 et a plus que jamais besoin de notre aide. Bien que les \u00e9coles soient ferm\u00e9es en ce moment en raison de la pand\u00e9mie de COVID-19, l\u2019ann\u00e9e scolaire 2020-2021 reprendra \u00e0 la fin de cette ann\u00e9e et les membres d\u2019ASSEDA pr\u00e9sents d\u00e9cident de reconduire notre aide pour les 11 enfants d\u2019\u00e9cole primaire et 11 enfants d\u2019\u00e9cole secondaire.<\/p>\n<p><strong>Apport de nourriture aux \u00e9l\u00e8ves de la Boarding School \u00e0 Makeni, Sierra Leone<\/strong><\/p>\n<p>ASSEDA soutient, depuis environ 2 ans, l\u2019apport en nourriture pour les 250 enfants fr\u00e9quentant la Boarding School de Makeni. Sans cet apport (et celui d\u2019autres organisations, nous ne pouvons assumer seuls) ces \u00e9l\u00e8ves n\u2019auraient tout simplement pas \u00e0 manger. Bien que cette \u00e9cole soit actuellement ferm\u00e9e, les enfants continuent de recevoir leur unique repas quotidien.<\/p>\n<p><strong>Orphelinat La Providence, Kinshasa, RD Congo<\/strong><\/p>\n<p>S. a pris des nouvelles r\u00e9cemment aupr\u00e8s de \u00ab maman \u00bb Lili : les 11 enfants sont tous en bonne sant\u00e9 et ont adopt\u00e9 de nouvelles mesures de lavage des mains et distance entre eux, mais ne sortent plus de la parcelle. Actuellement, l\u2019\u00e9cole est ferm\u00e9e. Nous continuons de recevoir chaque mois un rapport financier complet et restons en contact par mail. Des membres posent la question de l\u2019\u00e2ge et\/ou du \u00ab renouvellement \u00bb des orphelins. S. va poser la question par mail et donnera des nouvelles au Comit\u00e9 d\u00e8s que possible.<\/p>\n<p><strong>Projet FACE, Le Caire, \u00c9gypte<\/strong><\/p>\n<p>F. explique la p\u00e9joration de la situation g\u00e9n\u00e9rale en \u00c9gypte et au Caire particuli\u00e8rement. Les dons locaux ont terriblement diminu\u00e9 depuis l\u2019apparition de la pand\u00e9mie et cette institution tente de survivre comme elle peut en ayant plus que jamais besoin de notre soutien financier.<\/p>\n<p><strong>Projet d\u2019aide aux enfants des rues de Dakar, S\u00e9n\u00e9gal<\/strong><\/p>\n<p>Nous avons d\u00e9j\u00e0 soutenu F., \u00e0 travers son association AfroRenn et son projet Karantaba Records, pour faire sortir les enfants des rues de Dakar en leur enseignant la musique. F. a compl\u00e9t\u00e9 son programme par la mise en place d\u2019un enseignement scolaire avec des instituteurs. L\u2019\u00e9cole \u00e9tant ferm\u00e9e en ce moment \u00e0 cause de la pand\u00e9mie, F. ne demande pas une aide imm\u00e9diate, mais pourrait en avoir besoin suivant l\u2019\u00e9volution sanitaire.<\/p>\n","protected":false},"excerpt":{"rendered":"<p>Refuge Juan XXIII, Colombie J. et S. se sont rendues sur place en d\u00e9cembre 2019 et donnent les derni\u00e8res nouvelles : V. et son \u00e9pouse viennent de renouveler leur visa pour une dur\u00e9e de 3 ans et vont dont encore y rester pour superviser le refuge. Les enfants et les\u2026 <a class=\"continue-reading-link\" href=\"https:\/\/asseda.ch\/?page_id=396\">Continue reading<\/a><\/p>\n","protected":false},"author":3,"featured_media":0,"parent":0,"menu_order":0,"comment_status":"closed","ping_status":"closed","template":"","meta":{"footnotes":""},"class_list":["post-396","page","type-page","status-publish","hentry"],"_links":{"self":[{"href":"https:\/\/asseda.ch\/index.php?rest_route=\/wp\/v2\/pages\/396"}],"collection":[{"href":"https:\/\/asseda.ch\/index.php?rest_route=\/wp\/v2\/pages"}],"about":[{"href":"https:\/\/asseda.ch\/index.php?rest_route=\/wp\/v2\/types\/page"}],"author":[{"embeddable":true,"href":"https:\/\/asseda.ch\/index.php?rest_route=\/wp\/v2\/users\/3"}],"replies":[{"embeddable":true,"href":"https:\/\/asseda.ch\/index.php?rest_route=%2Fwp%2Fv2%2Fcomments&post=396"}],"version-history":[{"count":1,"href":"https:\/\/asseda.ch\/index.php?rest_route=\/wp\/v2\/pages\/396\/revisions"}],"predecessor-version":[{"id":397,"href":"https:\/\/asseda.ch\/index.php?rest_route=\/wp\/v2\/pages\/396\/revisions\/397"}],"wp:attachment":[{"href":"https:\/\/asseda.ch\/index.php?rest_route=%2Fwp%2Fv2%2Fmedia&parent=396"}],"curies":[{"name":"wp","href":"https:\/\/api.w.org\/{rel}","templated":true}]}}